{"id":154125,"date":"2023-12-11T12:39:32","date_gmt":"2023-12-11T19:39:32","guid":{"rendered":"https:\/\/www.globaldownsyndrome.org\/?page_id=154125"},"modified":"2026-03-13T19:04:14","modified_gmt":"2026-03-14T01:04:14","slug":"personal","status":"publish","type":"page","link":"https:\/\/www.globaldownsyndrome.org\/es\/our-story\/staff\/","title":{"rendered":"Nuestro equipo"},"content":{"rendered":"<p>GLOBAL est\u00e1 formado por diversos profesionales dedicados a mejorar la vida de las personas con s\u00edndrome de Down a trav\u00e9s de la investigaci\u00f3n y la atenci\u00f3n m\u00e9dica. Nuestro equipo est\u00e1 formado por personal, miembros de la junta directiva y miembros de comit\u00e9s, as\u00ed como por personas con s\u00edndrome de Down, familiares con s\u00edndrome de Down y amigos con discapacidades diferentes. Lo que todos los que formamos GLOBAL tenemos en com\u00fan es la determinaci\u00f3n de contribuir de forma mensurable a la justicia social y la equidad.<\/p>\n<p>Aunque la mayor\u00eda de nosotros trabajamos desde nuestra sede de Denver, tenemos personal en varios estados que trabaja a distancia, y nuestro trabajo internacional nos obliga a gestionar m\u00faltiples husos horarios. Nos gusta considerarnos peque\u00f1os pero poderosos. Lo que hemos logrado desde 2009 es realmente notable. En GLOBAL, estamos orgullosos de nuestro trabajo y siempre estamos ah\u00ed para nuestras familias, especialmente cuando surgen problemas de salud. Es gratificante saber que salvar y transformar vidas en GLOBAL no es algo de lo que solo hablamos, \u00a1sino algo que realmente hacemos!<\/p>\n<p>Tanto si alguien trabaja en GLOBAL durante un a\u00f1o como si lo hace durante diez, creemos que adquiere competencias importantes que esperamos le ayuden a alcanzar sus objetivos, as\u00ed como una comprensi\u00f3n del gran valor que las personas con s\u00edndrome de Down aportan a nuestra sociedad y, de hecho, a nuestro mundo.<\/p>\n<h1 class=\"yellow-line-left\" style=\"margin-top: 40px; margin-bottom: 0px;\">Ejecutivos y personal<\/h1>","protected":false},"excerpt":{"rendered":"<p>GLOBAL is made up of diverse professionals who are dedicated to improving the lives of people with Down syndrome through research and medical care. Our Team is made up of staff, board members, and committee members, as well as individuals with Down syndrome, those who have family members with Down syndrome, and friends who are [&hellip;]<\/p>\n","protected":false},"author":3,"featured_media":0,"parent":16,"menu_order":40,"comment_status":"open","ping_status":"closed","template":"template-our-team.php","meta":{"_acf_changed":false,"ngg_post_thumbnail":0,"footnotes":""},"class_list":["post-154125","page","type-page","status-publish","hentry"],"acf":[],"yoast_head":"<!-- This site is optimized with the Yoast SEO plugin v27.4 - https:\/\/yoast.com\/product\/yoast-seo-wordpress\/ -->\n<title>Our Team | Global Down Syndrome Foundation<\/title>\n<meta name=\"robots\" content=\"index, follow, max-snippet:-1, max-image-preview:large, max-video-preview:-1\" \/>\n<link rel=\"canonical\" href=\"https:\/\/www.globaldownsyndrome.org\/es\/nuestra-historia\/personal\/\" \/>\n<meta property=\"og:locale\" content=\"es_ES\" \/>\n<meta property=\"og:type\" content=\"article\" \/>\n<meta property=\"og:title\" content=\"Our Team | Global Down Syndrome Foundation\" \/>\n<meta property=\"og:description\" content=\"GLOBAL is made up of diverse professionals who are dedicated to improving the lives of people with Down syndrome through research and medical care. Our Team is made up of staff, board members, and committee members, as well as individuals with Down syndrome, those who have family members with Down syndrome, and friends who are [&hellip;]\" \/>\n<meta property=\"og:url\" content=\"https:\/\/www.globaldownsyndrome.org\/es\/nuestra-historia\/personal\/\" \/>\n<meta property=\"og:site_name\" content=\"Global Down Syndrome Foundation\" \/>\n<meta property=\"article:modified_time\" content=\"2026-03-14T01:04:14+00:00\" \/>\n<meta name=\"twitter:card\" content=\"summary_large_image\" \/>\n<meta name=\"twitter:label1\" content=\"Est. reading time\" \/>\n\t<meta name=\"twitter:data1\" content=\"1 minuto\" \/>\n<script type=\"application\/ld+json\" class=\"yoast-schema-graph\">{\"@context\":\"https:\\\/\\\/schema.org\",\"@graph\":[{\"@type\":\"WebPage\",\"@id\":\"https:\\\/\\\/www.globaldownsyndrome.org\\\/our-story\\\/staff\\\/\",\"url\":\"https:\\\/\\\/www.globaldownsyndrome.org\\\/our-story\\\/staff\\\/\",\"name\":\"Our Team | Global Down Syndrome Foundation\",\"isPartOf\":{\"@id\":\"https:\\\/\\\/www.globaldownsyndrome.org\\\/#website\"},\"datePublished\":\"2023-12-11T19:39:32+00:00\",\"dateModified\":\"2026-03-14T01:04:14+00:00\",\"breadcrumb\":{\"@id\":\"https:\\\/\\\/www.globaldownsyndrome.org\\\/our-story\\\/staff\\\/#breadcrumb\"},\"inLanguage\":\"es-CL\",\"potentialAction\":[{\"@type\":\"ReadAction\",\"target\":[\"https:\\\/\\\/www.globaldownsyndrome.org\\\/our-story\\\/staff\\\/\"]}]},{\"@type\":\"BreadcrumbList\",\"@id\":\"https:\\\/\\\/www.globaldownsyndrome.org\\\/our-story\\\/staff\\\/#breadcrumb\",\"itemListElement\":[{\"@type\":\"ListItem\",\"position\":1,\"name\":\"Home\",\"item\":\"https:\\\/\\\/www.globaldownsyndrome.org\\\/\"},{\"@type\":\"ListItem\",\"position\":2,\"name\":\"Our Story\",\"item\":\"https:\\\/\\\/www.globaldownsyndrome.org\\\/our-story\\\/\"},{\"@type\":\"ListItem\",\"position\":3,\"name\":\"Our Team\"}]},{\"@type\":\"WebSite\",\"@id\":\"https:\\\/\\\/www.globaldownsyndrome.org\\\/#website\",\"url\":\"https:\\\/\\\/www.globaldownsyndrome.org\\\/\",\"name\":\"Global Down Syndrome Foundation\",\"description\":\"Dedicated to significantly improving the lives of people with Down Syndrome through RESEARCH, MEDICAL CARE, EDUCATION AND ADVOCACY\",\"publisher\":{\"@id\":\"https:\\\/\\\/www.globaldownsyndrome.org\\\/#organization\"},\"potentialAction\":[{\"@type\":\"SearchAction\",\"target\":{\"@type\":\"EntryPoint\",\"urlTemplate\":\"https:\\\/\\\/www.globaldownsyndrome.org\\\/?s={search_term_string}\"},\"query-input\":{\"@type\":\"PropertyValueSpecification\",\"valueRequired\":true,\"valueName\":\"search_term_string\"}}],\"inLanguage\":\"es-CL\"},{\"@type\":\"Organization\",\"@id\":\"https:\\\/\\\/www.globaldownsyndrome.org\\\/#organization\",\"name\":\"Global Down Syndrome Foundation\",\"url\":\"https:\\\/\\\/www.globaldownsyndrome.org\\\/\",\"logo\":{\"@type\":\"ImageObject\",\"inLanguage\":\"es-CL\",\"@id\":\"https:\\\/\\\/www.globaldownsyndrome.org\\\/#\\\/schema\\\/logo\\\/image\\\/\",\"url\":\"https:\\\/\\\/www.globaldownsyndrome.org\\\/wp-content\\\/uploads\\\/2022\\\/11\\\/logo.jpg\",\"contentUrl\":\"https:\\\/\\\/www.globaldownsyndrome.org\\\/wp-content\\\/uploads\\\/2022\\\/11\\\/logo.jpg\",\"width\":2351,\"height\":896,\"caption\":\"Global Down Syndrome Foundation\"},\"image\":{\"@id\":\"https:\\\/\\\/www.globaldownsyndrome.org\\\/#\\\/schema\\\/logo\\\/image\\\/\"}}]}<\/script>\n<!-- \/ Yoast SEO plugin. -->","yoast_head_json":{"title":"Nuestro equipo | Fundaci\u00f3n Global S\u00edndrome de Down","robots":{"index":"index","follow":"follow","max-snippet":"max-snippet:-1","max-image-preview":"max-image-preview:large","max-video-preview":"max-video-preview:-1"},"canonical":"https:\/\/www.globaldownsyndrome.org\/es\/nuestra-historia\/personal\/","og_locale":"es_ES","og_type":"article","og_title":"Our Team | Global Down Syndrome Foundation","og_description":"GLOBAL is made up of diverse professionals who are dedicated to improving the lives of people with Down syndrome through research and medical care. Our Team is made up of staff, board members, and committee members, as well as individuals with Down syndrome, those who have family members with Down syndrome, and friends who are [&hellip;]","og_url":"https:\/\/www.globaldownsyndrome.org\/es\/nuestra-historia\/personal\/","og_site_name":"Global Down Syndrome Foundation","article_modified_time":"2026-03-14T01:04:14+00:00","twitter_card":"summary_large_image","twitter_misc":{"Est. reading time":"1 minuto"},"schema":{"@context":"https:\/\/schema.org","@graph":[{"@type":"WebPage","@id":"https:\/\/www.globaldownsyndrome.org\/our-story\/staff\/","url":"https:\/\/www.globaldownsyndrome.org\/our-story\/staff\/","name":"Nuestro equipo | Fundaci\u00f3n Global S\u00edndrome de Down","isPartOf":{"@id":"https:\/\/www.globaldownsyndrome.org\/#website"},"datePublished":"2023-12-11T19:39:32+00:00","dateModified":"2026-03-14T01:04:14+00:00","breadcrumb":{"@id":"https:\/\/www.globaldownsyndrome.org\/our-story\/staff\/#breadcrumb"},"inLanguage":"es-CL","potentialAction":[{"@type":"ReadAction","target":["https:\/\/www.globaldownsyndrome.org\/our-story\/staff\/"]}]},{"@type":"BreadcrumbList","@id":"https:\/\/www.globaldownsyndrome.org\/our-story\/staff\/#breadcrumb","itemListElement":[{"@type":"ListItem","position":1,"name":"Home","item":"https:\/\/www.globaldownsyndrome.org\/"},{"@type":"ListItem","position":2,"name":"Our Story","item":"https:\/\/www.globaldownsyndrome.org\/our-story\/"},{"@type":"ListItem","position":3,"name":"Our Team"}]},{"@type":"WebSite","@id":"https:\/\/www.globaldownsyndrome.org\/#website","url":"https:\/\/www.globaldownsyndrome.org\/","name":"Fundaci\u00f3n Mundial del S\u00edndrome de Down","description":"Dedicada a mejorar significativamente la vida de las personas con s\u00edndrome de Down a trav\u00e9s de la INVESTIGACI\u00d3N, LA ATENCI\u00d3N M\u00c9DICA, LA EDUCACI\u00d3N Y LA DEFENSA.","publisher":{"@id":"https:\/\/www.globaldownsyndrome.org\/#organization"},"potentialAction":[{"@type":"SearchAction","target":{"@type":"EntryPoint","urlTemplate":"https:\/\/www.globaldownsyndrome.org\/?s={search_term_string}"},"query-input":{"@type":"PropertyValueSpecification","valueRequired":true,"valueName":"search_term_string"}}],"inLanguage":"es-CL"},{"@type":"Organization","@id":"https:\/\/www.globaldownsyndrome.org\/#organization","name":"Fundaci\u00f3n Mundial del S\u00edndrome de Down","url":"https:\/\/www.globaldownsyndrome.org\/","logo":{"@type":"ImageObject","inLanguage":"es-CL","@id":"https:\/\/www.globaldownsyndrome.org\/#\/schema\/logo\/image\/","url":"https:\/\/www.globaldownsyndrome.org\/wp-content\/uploads\/2022\/11\/logo.jpg","contentUrl":"https:\/\/www.globaldownsyndrome.org\/wp-content\/uploads\/2022\/11\/logo.jpg","width":2351,"height":896,"caption":"Global Down Syndrome Foundation"},"image":{"@id":"https:\/\/www.globaldownsyndrome.org\/#\/schema\/logo\/image\/"}}]}},"jetpack_shortlink":"https:\/\/wp.me\/P70gmm-E5T","jetpack-related-posts":[{"id":154497,"url":"https:\/\/www.globaldownsyndrome.org\/es\/our-story\/leadership\/global-down-syndrome-foundation\/","url_meta":{"origin":154125,"position":0},"title":"Global Down Syndrome Foundation Leadership","author":"Global Down Syndrome Foundation","date":"Enero 18, 2024","format":false,"excerpt":"GLOBAL\u2019s leadership is made up of several boards including our: (1) Board of Directors, (2) Scientific & Medical Advisory Board, and (3) Membership Advisory Board. Our leadership also includes international spokespeople who go above and beyond to garner support for GLOBAL's work.\u200b We are extremely fortunate to have some of\u2026","rel":"","context":"Similar post","block_context":{"text":"Similar post","link":""},"img":{"alt_text":"","src":"","width":0,"height":0},"classes":[]},{"id":154697,"url":"https:\/\/www.globaldownsyndrome.org\/es\/global-webinar-series-january-2024\/","url_meta":{"origin":154125,"position":1},"title":"GLOBAL Webinars January 2024","author":"Wes Butler","date":"Febrero 4, 2024","format":false,"excerpt":"","rel":"","context":"Similar post","block_context":{"text":"Similar post","link":""},"img":{"alt_text":"Katie Frank photo","src":"https:\/\/i0.wp.com\/www.globaldownsyndrome.org\/wp-content\/uploads\/2024\/02\/Katie-Frank-Headshot.jpg?resize=350%2C200&ssl=1","width":350,"height":200},"classes":[]},{"id":157107,"url":"https:\/\/www.globaldownsyndrome.org\/es\/global-webinars-july-2024\/","url_meta":{"origin":154125,"position":2},"title":"GLOBAL Webinars July 2024","author":"Wes Butler","date":"Agosto 6, 2024","format":false,"excerpt":"","rel":"","context":"Similar post","block_context":{"text":"Similar post","link":""},"img":{"alt_text":"Doctors DeBoer, Jackson, and Maybee portrait","src":"https:\/\/i0.wp.com\/www.globaldownsyndrome.org\/wp-content\/uploads\/2024\/08\/docs-deboer-jackson-maybee.jpg?resize=350%2C200&ssl=1","width":350,"height":200},"classes":[]},{"id":150908,"url":"https:\/\/www.globaldownsyndrome.org\/es\/the-down-syndrome-association-of-central-texas\/","url_meta":{"origin":154125,"position":3},"title":"The Down Syndrome Association of Central Texas","author":"Global Down Syndrome Foundation","date":"Abril 4, 2023","format":false,"excerpt":"Creating a more inclusive world by supporting families, educators and medical professionals. From Down Syndrome World Issue 1, 2023 The Down Syndrome Association of Central Texas (DSACT) originated as a small support group for parents of children with Down syndrome. It all started in 1991 with the Eudy family\u2014Kim, Ron\u2026","rel":"","context":"Similar post","block_context":{"text":"Similar post","link":""},"img":{"alt_text":"","src":"https:\/\/i0.wp.com\/www.globaldownsyndrome.org\/wp-content\/uploads\/2023\/04\/Member-Org-Header-Image.png?resize=350%2C200&ssl=1","width":350,"height":200,"srcset":"https:\/\/i0.wp.com\/www.globaldownsyndrome.org\/wp-content\/uploads\/2023\/04\/Member-Org-Header-Image.png?resize=350%2C200&ssl=1 1x, https:\/\/i0.wp.com\/www.globaldownsyndrome.org\/wp-content\/uploads\/2023\/04\/Member-Org-Header-Image.png?resize=525%2C300&ssl=1 1.5x, https:\/\/i0.wp.com\/www.globaldownsyndrome.org\/wp-content\/uploads\/2023\/04\/Member-Org-Header-Image.png?resize=700%2C400&ssl=1 2x, https:\/\/i0.wp.com\/www.globaldownsyndrome.org\/wp-content\/uploads\/2023\/04\/Member-Org-Header-Image.png?resize=1050%2C600&ssl=1 3x, https:\/\/i0.wp.com\/www.globaldownsyndrome.org\/wp-content\/uploads\/2023\/04\/Member-Org-Header-Image.png?resize=1400%2C800&ssl=1 4x"},"classes":[]},{"id":156092,"url":"https:\/\/www.globaldownsyndrome.org\/es\/global-webinar-series-april-2024\/","url_meta":{"origin":154125,"position":4},"title":"GLOBAL Webinars April 2024","author":"Wes Butler","date":"Mayo 7, 2024","format":false,"excerpt":"","rel":"","context":"Similar post","block_context":{"text":"Similar post","link":""},"img":{"alt_text":"Kishore Vellody bio photo","src":"https:\/\/i0.wp.com\/www.globaldownsyndrome.org\/wp-content\/uploads\/2024\/05\/Kishore-Vellody.jpg?resize=350%2C200&ssl=1","width":350,"height":200},"classes":[]},{"id":153413,"url":"https:\/\/www.globaldownsyndrome.org\/es\/global-webinar-series-october-2023\/","url_meta":{"origin":154125,"position":5},"title":"GLOBAL Webinars October 2023","author":"Wes Butler","date":"Octubre 17, 2023","format":false,"excerpt":"","rel":"","context":"Similar post","block_context":{"text":"Similar post","link":""},"img":{"alt_text":"","src":"https:\/\/i0.wp.com\/www.globaldownsyndrome.org\/wp-content\/uploads\/2023\/10\/Joaquin-Espinosa-Headshot-300x300-1.jpg?resize=350%2C200&ssl=1","width":350,"height":200},"classes":[]}],"jetpack_sharing_enabled":true,"_links":{"self":[{"href":"https:\/\/www.globaldownsyndrome.org\/es\/wp-json\/wp\/v2\/pages\/154125","targetHints":{"allow":["GET"]}}],"collection":[{"href":"https:\/\/www.globaldownsyndrome.org\/es\/wp-json\/wp\/v2\/pages"}],"about":[{"href":"https:\/\/www.globaldownsyndrome.org\/es\/wp-json\/wp\/v2\/types\/page"}],"author":[{"embeddable":true,"href":"https:\/\/www.globaldownsyndrome.org\/es\/wp-json\/wp\/v2\/users\/3"}],"replies":[{"embeddable":true,"href":"https:\/\/www.globaldownsyndrome.org\/es\/wp-json\/wp\/v2\/comments?post=154125"}],"version-history":[{"count":0,"href":"https:\/\/www.globaldownsyndrome.org\/es\/wp-json\/wp\/v2\/pages\/154125\/revisions"}],"up":[{"embeddable":true,"href":"https:\/\/www.globaldownsyndrome.org\/es\/wp-json\/wp\/v2\/pages\/16"}],"wp:attachment":[{"href":"https:\/\/www.globaldownsyndrome.org\/es\/wp-json\/wp\/v2\/media?parent=154125"}],"curies":[{"name":"wp","href":"https:\/\/api.w.org\/{rel}","templated":true}]}}