{"id":3528,"date":"2012-04-23T15:16:38","date_gmt":"2012-04-23T15:16:38","guid":{"rendered":"http:\/\/216.185.159.195\/?page_id=3528"},"modified":"2020-11-09T14:16:13","modified_gmt":"2020-11-09T21:16:13","slug":"nos-heros","status":"publish","type":"page","link":"https:\/\/www.globaldownsyndrome.org\/fr\/news-community\/our-heroes\/","title":{"rendered":"Nos h\u00e9ros"},"content":{"rendered":"<h2><a href=\"\/wp-content\/uploads\/2012\/04\/AlexSessionsWeb.jpg\"><img loading=\"lazy\" decoding=\"async\" class=\"alignright size-thumbnail wp-image-3665\" title=\"AlexSessionsWeb\" src=\"\/wp-content\/uploads\/2012\/04\/AlexSessionsWeb-80x80.jpg\" alt=\"\" width=\"80\" height=\"80\" srcset=\"https:\/\/www.globaldownsyndrome.org\/wp-content\/uploads\/2012\/04\/AlexSessionsWeb-80x80.jpg 80w, https:\/\/www.globaldownsyndrome.org\/wp-content\/uploads\/2012\/04\/AlexSessionsWeb-354x354.jpg 354w, https:\/\/www.globaldownsyndrome.org\/wp-content\/uploads\/2012\/04\/AlexSessionsWeb-219x219.jpg 219w, https:\/\/www.globaldownsyndrome.org\/wp-content\/uploads\/2012\/04\/AlexSessionsWeb-223x223.jpg 223w, https:\/\/www.globaldownsyndrome.org\/wp-content\/uploads\/2012\/04\/AlexSessionsWeb.jpg 500w\" sizes=\"auto, (max-width: 80px) 100vw, 80px\" \/><\/a>Rencontrez les ambassadeurs de la Fondation mondiale du syndrome de Down<\/h2>\n<p>Les ambassadeurs et leurs familles travaillent d'arrache-pied pour sensibiliser le public \u00e0 la mission de la Fondation, qui consiste \u00e0 am\u00e9liorer de mani\u00e8re significative la vie des personnes atteintes du syndrome de Down gr\u00e2ce \u00e0 la recherche, aux soins m\u00e9dicaux, \u00e0 l'\u00e9ducation et \u00e0 la d\u00e9fense de leurs int\u00e9r\u00eats.  Chaque ambassadeur orne la couverture de notre invitation au gala Be Beautiful Be Yourself et \u00e9crit son histoire personnelle.<\/p>\n<p><em><a href=\"?page_id=3239\">En savoir plus\u00a0<\/a>sur les ambassadeurs de la Fondation mondiale du syndrome de Down.<\/em><\/p>\n<hr \/>\n<h2><a href=\"\/wp-content\/uploads\/2011\/09\/DeOndra-Headshot-Resized-for-Website.jpg\"><img loading=\"lazy\" decoding=\"async\" class=\"alignright size-thumbnail wp-image-2912\" title=\"DeOndra Headshot Web\" src=\"\/wp-content\/uploads\/2011\/09\/DeOndra-Headshot-Resized-for-Website-80x80.jpg\" alt=\"\" width=\"80\" height=\"80\" srcset=\"https:\/\/www.globaldownsyndrome.org\/wp-content\/uploads\/2011\/09\/DeOndra-Headshot-Resized-for-Website-80x80.jpg 80w, https:\/\/www.globaldownsyndrome.org\/wp-content\/uploads\/2011\/09\/DeOndra-Headshot-Resized-for-Website-354x354.jpg 354w, https:\/\/www.globaldownsyndrome.org\/wp-content\/uploads\/2011\/09\/DeOndra-Headshot-Resized-for-Website-219x219.jpg 219w, https:\/\/www.globaldownsyndrome.org\/wp-content\/uploads\/2011\/09\/DeOndra-Headshot-Resized-for-Website-223x223.jpg 223w, https:\/\/www.globaldownsyndrome.org\/wp-content\/uploads\/2011\/09\/DeOndra-Headshot-Resized-for-Website.jpg 480w\" sizes=\"auto, (max-width: 80px) 100vw, 80px\" \/><\/a>D\u00e9couvrez les laur\u00e9ats du prix Quincy Jones pour la d\u00e9fense exceptionnelle des droits de l'homme<\/h2>\n<p>Rencontrez les personnes inspirantes qui ont re\u00e7u le Quincy Jones Exceptional Advocacy Award pour leur engagement \u00e0 am\u00e9liorer la vie des personnes atteintes du syndrome de Down. <\/p>\n<p><em><a href=\"?page_id=3254\">En savoir plus<\/a> sur les laur\u00e9ats du prix Quincy Jones pour la d\u00e9fense exceptionnelle des droits de l'homme.<\/em><\/p>\n<hr \/>\n<h2><a href=\"\/wp-content\/uploads\/2011\/08\/John-McGinley-Headshot-Resized-for-Website.jpg\"><img loading=\"lazy\" decoding=\"async\" class=\"alignright size-thumbnail wp-image-3292\" title=\"John McGinley Headshot redimensionn\u00e9 pour un site web\" src=\"\/wp-content\/uploads\/2011\/08\/John-McGinley-Headshot-Resized-for-Website-80x80.jpg\" alt=\"\" width=\"80\" height=\"80\" \/><\/a>Rencontrez nos porte-parole internationaux<\/h2>\n<p>Outre les ambassadeurs de la Fondation mondiale du syndrome de Down, qui sont eux-m\u00eames atteints du syndrome de Down, la Fondation fait appel \u00e0 des porte-parole internationaux - des c\u00e9l\u00e9brit\u00e9s qui s'engagent personnellement \u00e0 am\u00e9liorer la vie des personnes atteintes du syndrome de Down.\u00a0<\/p>\n<p><em><a title=\"Porte-parole internationaux\" href=\"?page_id=956\">En savoir plus<\/a> sur nos porte-parole internationaux.<\/em><\/p>","protected":false},"excerpt":{"rendered":"<p>Meet the Global Down Syndrome Foundation Ambassadors Ambassadors and their families work hard to raise awareness for the Foundation\u2019s mission of significantly improving the lives of people with Down syndrome through research, medical care, education and advocacy. \u00a0Each Ambassador graces the cover of our Be Beautiful Be Yourself gala invitation and writes his or her [&hellip;]<\/p>\n","protected":false},"author":3,"featured_media":0,"parent":28,"menu_order":40,"comment_status":"open","ping_status":"closed","template":"","meta":{"_acf_changed":false,"ngg_post_thumbnail":0,"footnotes":""},"class_list":["post-3528","page","type-page","status-publish","hentry"],"acf":[],"yoast_head":"<!-- This site is optimized with the Yoast SEO plugin v27.4 - https:\/\/yoast.com\/product\/yoast-seo-wordpress\/ -->\n<title>Our Heroes | Global Down Syndrome Foundation<\/title>\n<meta name=\"robots\" content=\"index, follow, max-snippet:-1, max-image-preview:large, max-video-preview:-1\" \/>\n<link rel=\"canonical\" href=\"https:\/\/www.globaldownsyndrome.org\/fr\/communaute-de-linformation\/nos-heros\/\" \/>\n<meta property=\"og:locale\" content=\"fr_FR\" \/>\n<meta property=\"og:type\" content=\"article\" \/>\n<meta property=\"og:title\" content=\"Our Heroes | Global Down Syndrome Foundation\" \/>\n<meta property=\"og:description\" content=\"Meet the Global Down Syndrome Foundation Ambassadors Ambassadors and their families work hard to raise awareness for the Foundation\u2019s mission of significantly improving the lives of people with Down syndrome through research, medical care, education and advocacy. \u00a0Each Ambassador graces the cover of our Be Beautiful Be Yourself gala invitation and writes his or her [&hellip;]\" \/>\n<meta property=\"og:url\" content=\"https:\/\/www.globaldownsyndrome.org\/fr\/communaute-de-linformation\/nos-heros\/\" \/>\n<meta property=\"og:site_name\" content=\"Global Down Syndrome Foundation\" \/>\n<meta property=\"article:modified_time\" content=\"2020-11-09T21:16:13+00:00\" \/>\n<meta name=\"twitter:card\" content=\"summary_large_image\" \/>\n<meta name=\"twitter:label1\" content=\"Est. reading time\" \/>\n\t<meta name=\"twitter:data1\" content=\"1 minute\" \/>\n<script type=\"application\/ld+json\" class=\"yoast-schema-graph\">{\"@context\":\"https:\\\/\\\/schema.org\",\"@graph\":[{\"@type\":\"WebPage\",\"@id\":\"https:\\\/\\\/www.globaldownsyndrome.org\\\/news-community\\\/our-heroes\\\/\",\"url\":\"https:\\\/\\\/www.globaldownsyndrome.org\\\/news-community\\\/our-heroes\\\/\",\"name\":\"Our Heroes | Global Down Syndrome Foundation\",\"isPartOf\":{\"@id\":\"https:\\\/\\\/www.globaldownsyndrome.org\\\/#website\"},\"datePublished\":\"2012-04-23T15:16:38+00:00\",\"dateModified\":\"2020-11-09T21:16:13+00:00\",\"breadcrumb\":{\"@id\":\"https:\\\/\\\/www.globaldownsyndrome.org\\\/news-community\\\/our-heroes\\\/#breadcrumb\"},\"inLanguage\":\"fr-FR\",\"potentialAction\":[{\"@type\":\"ReadAction\",\"target\":[\"https:\\\/\\\/www.globaldownsyndrome.org\\\/news-community\\\/our-heroes\\\/\"]}]},{\"@type\":\"BreadcrumbList\",\"@id\":\"https:\\\/\\\/www.globaldownsyndrome.org\\\/news-community\\\/our-heroes\\\/#breadcrumb\",\"itemListElement\":[{\"@type\":\"ListItem\",\"position\":1,\"name\":\"Home\",\"item\":\"https:\\\/\\\/www.globaldownsyndrome.org\\\/\"},{\"@type\":\"ListItem\",\"position\":2,\"name\":\"GLOBAL In the News\",\"item\":\"https:\\\/\\\/www.globaldownsyndrome.org\\\/news-community\\\/\"},{\"@type\":\"ListItem\",\"position\":3,\"name\":\"Our Heroes\"}]},{\"@type\":\"WebSite\",\"@id\":\"https:\\\/\\\/www.globaldownsyndrome.org\\\/#website\",\"url\":\"https:\\\/\\\/www.globaldownsyndrome.org\\\/\",\"name\":\"Global Down Syndrome Foundation\",\"description\":\"Dedicated to significantly improving the lives of people with Down Syndrome through RESEARCH, MEDICAL CARE, EDUCATION AND ADVOCACY\",\"publisher\":{\"@id\":\"https:\\\/\\\/www.globaldownsyndrome.org\\\/#organization\"},\"potentialAction\":[{\"@type\":\"SearchAction\",\"target\":{\"@type\":\"EntryPoint\",\"urlTemplate\":\"https:\\\/\\\/www.globaldownsyndrome.org\\\/?s={search_term_string}\"},\"query-input\":{\"@type\":\"PropertyValueSpecification\",\"valueRequired\":true,\"valueName\":\"search_term_string\"}}],\"inLanguage\":\"fr-FR\"},{\"@type\":\"Organization\",\"@id\":\"https:\\\/\\\/www.globaldownsyndrome.org\\\/#organization\",\"name\":\"Global Down Syndrome Foundation\",\"url\":\"https:\\\/\\\/www.globaldownsyndrome.org\\\/\",\"logo\":{\"@type\":\"ImageObject\",\"inLanguage\":\"fr-FR\",\"@id\":\"https:\\\/\\\/www.globaldownsyndrome.org\\\/#\\\/schema\\\/logo\\\/image\\\/\",\"url\":\"https:\\\/\\\/www.globaldownsyndrome.org\\\/wp-content\\\/uploads\\\/2022\\\/11\\\/logo.jpg\",\"contentUrl\":\"https:\\\/\\\/www.globaldownsyndrome.org\\\/wp-content\\\/uploads\\\/2022\\\/11\\\/logo.jpg\",\"width\":2351,\"height\":896,\"caption\":\"Global Down Syndrome Foundation\"},\"image\":{\"@id\":\"https:\\\/\\\/www.globaldownsyndrome.org\\\/#\\\/schema\\\/logo\\\/image\\\/\"}}]}<\/script>\n<!-- \/ Yoast SEO plugin. -->","yoast_head_json":{"title":"Nos h\u00e9ros - Fondation mondiale du syndrome de Down","robots":{"index":"index","follow":"follow","max-snippet":"max-snippet:-1","max-image-preview":"max-image-preview:large","max-video-preview":"max-video-preview:-1"},"canonical":"https:\/\/www.globaldownsyndrome.org\/fr\/communaute-de-linformation\/nos-heros\/","og_locale":"fr_FR","og_type":"article","og_title":"Our Heroes | Global Down Syndrome Foundation","og_description":"Meet the Global Down Syndrome Foundation Ambassadors Ambassadors and their families work hard to raise awareness for the Foundation\u2019s mission of significantly improving the lives of people with Down syndrome through research, medical care, education and advocacy. \u00a0Each Ambassador graces the cover of our Be Beautiful Be Yourself gala invitation and writes his or her [&hellip;]","og_url":"https:\/\/www.globaldownsyndrome.org\/fr\/communaute-de-linformation\/nos-heros\/","og_site_name":"Global Down Syndrome Foundation","article_modified_time":"2020-11-09T21:16:13+00:00","twitter_card":"summary_large_image","twitter_misc":{"Est. reading time":"1 minute"},"schema":{"@context":"https:\/\/schema.org","@graph":[{"@type":"WebPage","@id":"https:\/\/www.globaldownsyndrome.org\/news-community\/our-heroes\/","url":"https:\/\/www.globaldownsyndrome.org\/news-community\/our-heroes\/","name":"Nos h\u00e9ros - Fondation mondiale du syndrome de Down","isPartOf":{"@id":"https:\/\/www.globaldownsyndrome.org\/#website"},"datePublished":"2012-04-23T15:16:38+00:00","dateModified":"2020-11-09T21:16:13+00:00","breadcrumb":{"@id":"https:\/\/www.globaldownsyndrome.org\/news-community\/our-heroes\/#breadcrumb"},"inLanguage":"fr-FR","potentialAction":[{"@type":"ReadAction","target":["https:\/\/www.globaldownsyndrome.org\/news-community\/our-heroes\/"]}]},{"@type":"BreadcrumbList","@id":"https:\/\/www.globaldownsyndrome.org\/news-community\/our-heroes\/#breadcrumb","itemListElement":[{"@type":"ListItem","position":1,"name":"Home","item":"https:\/\/www.globaldownsyndrome.org\/"},{"@type":"ListItem","position":2,"name":"GLOBAL In the News","item":"https:\/\/www.globaldownsyndrome.org\/news-community\/"},{"@type":"ListItem","position":3,"name":"Our Heroes"}]},{"@type":"WebSite","@id":"https:\/\/www.globaldownsyndrome.org\/#website","url":"https:\/\/www.globaldownsyndrome.org\/","name":"Fondation mondiale du syndrome de Down","description":"Vou\u00e9e \u00e0 l'am\u00e9lioration significative de la vie des personnes atteintes du syndrome de Down par le biais de la recherche, des soins m\u00e9dicaux, de l'\u00e9ducation et de la d\u00e9fense des int\u00e9r\u00eats.","publisher":{"@id":"https:\/\/www.globaldownsyndrome.org\/#organization"},"potentialAction":[{"@type":"SearchAction","target":{"@type":"EntryPoint","urlTemplate":"https:\/\/www.globaldownsyndrome.org\/?s={search_term_string}"},"query-input":{"@type":"PropertyValueSpecification","valueRequired":true,"valueName":"search_term_string"}}],"inLanguage":"fr-FR"},{"@type":"Organization","@id":"https:\/\/www.globaldownsyndrome.org\/#organization","name":"Fondation mondiale du syndrome de Down","url":"https:\/\/www.globaldownsyndrome.org\/","logo":{"@type":"ImageObject","inLanguage":"fr-FR","@id":"https:\/\/www.globaldownsyndrome.org\/#\/schema\/logo\/image\/","url":"https:\/\/www.globaldownsyndrome.org\/wp-content\/uploads\/2022\/11\/logo.jpg","contentUrl":"https:\/\/www.globaldownsyndrome.org\/wp-content\/uploads\/2022\/11\/logo.jpg","width":2351,"height":896,"caption":"Global Down Syndrome Foundation"},"image":{"@id":"https:\/\/www.globaldownsyndrome.org\/#\/schema\/logo\/image\/"}}]}},"jetpack_shortlink":"https:\/\/wp.me\/P70gmm-UU","jetpack-related-posts":[{"id":151153,"url":"https:\/\/www.globaldownsyndrome.org\/fr\/employment-awards-recipients\/","url_meta":{"origin":3528,"position":0},"title":"Global Down Syndrome Foundation Provides $16,000 in Employment Awards to Down Syndrome Organizations Across the United States","author":"Global Down Syndrome Foundation","date":"avril 20, 2023","format":false,"excerpt":"\u00a0 In April, the Global Down Syndrome Foundation (GLOBAL) awarded $16,000 in Employment Awards to Down syndrome organizations across the United States. The GLOBAL Employment Awards are a distinguished benefit for GLOBAL organization members. The awards create collaboration with local organizations and fund programs that have a direct and positive\u2026","rel":"","context":"Similar post","block_context":{"text":"Similar post","link":""},"img":{"alt_text":"","src":"https:\/\/i0.wp.com\/www.globaldownsyndrome.org\/wp-content\/uploads\/2023\/04\/300x300.jpg?resize=350%2C200&ssl=1","width":350,"height":200},"classes":[]},{"id":155417,"url":"https:\/\/www.globaldownsyndrome.org\/fr\/deondra-dixon-include-project-act\/","url_meta":{"origin":3528,"position":1},"title":"Loi sur le projet INCLUDE de DeOndra Dixon","author":"Wes Butler","date":"mars 20, 2024","format":false,"excerpt":"","rel":"","context":"Similar post","block_context":{"text":"Similar post","link":""},"img":{"alt_text":"","src":"","width":0,"height":0},"classes":[]},{"id":150833,"url":"https:\/\/www.globaldownsyndrome.org\/fr\/2023-ambassador-abby-ashbrook\/","url_meta":{"origin":3528,"position":2},"title":"2023 Ambassador Abby Ashbrook","author":"Global Down Syndrome Foundation","date":"mars 27, 2023","format":false,"excerpt":"It is truly an honor for us to introduce Abby as this year\u2019s Ambassador for the Global Down Syndrome Foundation. Abby is the gift our family didn\u2019t know we needed, and we are so excited for you to meet her. From the moment Abby was born on January 10th, 2011,\u2026","rel":"","context":"Similar post","block_context":{"text":"Similar post","link":""},"img":{"alt_text":"2023 Ambassador Abby Ashbrook","src":"https:\/\/i0.wp.com\/www.globaldownsyndrome.org\/wp-content\/uploads\/2023\/03\/abbyresize231x223-1.jpg?resize=350%2C200&ssl=1","width":350,"height":200},"classes":[]},{"id":157452,"url":"https:\/\/www.globaldownsyndrome.org\/fr\/advocacy-center\/us-house-passed-deondra-dixon-include-project-act\/","url_meta":{"origin":3528,"position":3},"title":"The U.S. House Passed Our DeOndra Dixon INCLUDE Project Act","author":"Global Down Syndrome Foundation","date":"septembre 18, 2024","format":false,"excerpt":"\u00a0 \u00a0 U.S. House of Representatives Vote on C-SPAN \u00a0 September 6, 1984 \u2013 October 19, 2020 DeOndra Dixon Tribute Video ALWAYS LOVED NEVER FORGOTTEN \u00a0 Global's Quincy Jones Exceptional Advocacy Award Winner Frank Stephens Gives Powerful Speech Contact Your U.S. Senator Today! DeOndra Dixon INCLUDE Project Act FAQ's \u00a0\u2026","rel":"","context":"Similar post","block_context":{"text":"Similar post","link":""},"img":{"alt_text":"","src":"https:\/\/i0.wp.com\/www.globaldownsyndrome.org\/wp-content\/uploads\/2024\/12\/Thanks-To-Our-Congressional-Champions-1-600x318.png?resize=350%2C200&ssl=1","width":350,"height":200,"srcset":"https:\/\/i0.wp.com\/www.globaldownsyndrome.org\/wp-content\/uploads\/2024\/12\/Thanks-To-Our-Congressional-Champions-1-600x318.png?resize=350%2C200&ssl=1 1x, https:\/\/i0.wp.com\/www.globaldownsyndrome.org\/wp-content\/uploads\/2024\/12\/Thanks-To-Our-Congressional-Champions-1-600x318.png?resize=525%2C300&ssl=1 1.5x"},"classes":[]},{"id":151288,"url":"https:\/\/www.globaldownsyndrome.org\/fr\/photos-and-videos\/videos\/2020-ambassador-walt-snodgrass-tribute-video\/","url_meta":{"origin":3528,"position":4},"title":"2020 Ambassador Walt Snodgrass Tribute Video","author":"Global Down Syndrome Foundation","date":"mai 11, 2023","format":false,"excerpt":"The Global Down Syndrome Foundation honored Ambassador Walt Snodgrass at the Be Beautiful Be Yourself Fashion Show\u00a0 https:\/\/www.youtube.com\/watch?v=LPiqUAugPis \u00a0","rel":"","context":"Similar post","block_context":{"text":"Similar post","link":""},"img":{"alt_text":"","src":"https:\/\/i0.wp.com\/img.youtube.com\/vi\/LPiqUAugPis\/0.jpg?resize=350%2C200","width":350,"height":200},"classes":[]},{"id":151282,"url":"https:\/\/www.globaldownsyndrome.org\/fr\/photos-and-videos\/videos\/2021-ambassadors-archie-sevy-eicher-tribute-video\/","url_meta":{"origin":3528,"position":5},"title":"2021 Ambassadors Archie &#038; Sevy Eicher Tribute Video","author":"Global Down Syndrome Foundation","date":"mai 11, 2023","format":false,"excerpt":"The Global Down Syndrome Foundation honored Ambassador Archie & Sevy Eicher at the Be Beautiful Be Yourself Fashion Show on Saturday, November 13, 2019. https:\/\/youtu.be\/BKrI4PO52xI \u00a0","rel":"","context":"Similar post","block_context":{"text":"Similar post","link":""},"img":{"alt_text":"","src":"https:\/\/i0.wp.com\/img.youtube.com\/vi\/BKrI4PO52xI\/0.jpg?resize=350%2C200","width":350,"height":200},"classes":[]}],"jetpack_sharing_enabled":true,"_links":{"self":[{"href":"https:\/\/www.globaldownsyndrome.org\/fr\/wp-json\/wp\/v2\/pages\/3528","targetHints":{"allow":["GET"]}}],"collection":[{"href":"https:\/\/www.globaldownsyndrome.org\/fr\/wp-json\/wp\/v2\/pages"}],"about":[{"href":"https:\/\/www.globaldownsyndrome.org\/fr\/wp-json\/wp\/v2\/types\/page"}],"author":[{"embeddable":true,"href":"https:\/\/www.globaldownsyndrome.org\/fr\/wp-json\/wp\/v2\/users\/3"}],"replies":[{"embeddable":true,"href":"https:\/\/www.globaldownsyndrome.org\/fr\/wp-json\/wp\/v2\/comments?post=3528"}],"version-history":[{"count":0,"href":"https:\/\/www.globaldownsyndrome.org\/fr\/wp-json\/wp\/v2\/pages\/3528\/revisions"}],"up":[{"embeddable":true,"href":"https:\/\/www.globaldownsyndrome.org\/fr\/wp-json\/wp\/v2\/pages\/28"}],"wp:attachment":[{"href":"https:\/\/www.globaldownsyndrome.org\/fr\/wp-json\/wp\/v2\/media?parent=3528"}],"curies":[{"name":"wp","href":"https:\/\/api.w.org\/{rel}","templated":true}]}}