{"id":154497,"date":"2024-01-18T07:47:19","date_gmt":"2024-01-18T14:47:19","guid":{"rendered":"https:\/\/www.globaldownsyndrome.org\/?page_id=154497"},"modified":"2026-04-24T11:02:16","modified_gmt":"2026-04-24T17:02:16","slug":"fondazione-globale-per-la-sindrome-di-down","status":"publish","type":"page","link":"https:\/\/www.globaldownsyndrome.org\/it\/our-story\/leadership\/global-down-syndrome-foundation\/","title":{"rendered":"Leadership della Fondazione Globale per la Sindrome di Down"},"content":{"rendered":"<p>La leadership di GLOBAL \u00e8 composta da diversi consigli, tra cui: (1) Consiglio di amministrazione, (2) Consiglio consultivo scientifico e medico e (3) Consiglio consultivo dei soci. La nostra leadership comprende anche portavoce internazionali che si impegnano al massimo per raccogliere il sostegno al lavoro della GLOBAL.<\/p>\n<p>Siamo estremamente fortunati ad avere nei nostri consigli di amministrazione alcuni dei leader pi\u00f9 brillanti e impegnati nei loro settori. Tra i nostri membri ci sono cancellieri, presidenti, amministratori delegati, direttori esecutivi, scienziati, medici, leader della comunit\u00e0, familiari e sostenitori di se stessi.<\/p>\n<p>Ci affidiamo ai membri del nostro Consiglio di amministrazione per aiutarci a pianificare strategicamente il futuro, a rispettare i nostri impegni annuali, ad assisterci nelle sfide e nelle opportunit\u00e0 e a fornirci una guida importante per raggiungere la nostra missione, la nostra visione, i nostri valori e i nostri obiettivi. Alcuni membri del consiglio di amministrazione ci rappresentano anche in altri Paesi. Come per il nostro staff, ci\u00f2 che accomuna la leadership della GLOBAL \u00e8 la determinazione a contribuire in modo misurabile alla giustizia sociale e all'equit\u00e0 per i bambini e gli adulti con sindrome di Down.<\/p>\n<h2 style=\"color: #00b0f0; font-style: italic; margin-top: 20px; text-align: center;\">\"Di tutte le forme di disuguaglianza, l'ingiustizia nella salute \u00e8 la pi\u00f9 scioccante e disumana\".<br \/>\n~ Martin Luther King Jr<\/h2>","protected":false},"excerpt":{"rendered":"<p>GLOBAL\u2019s leadership is made up of several boards including our: (1) Board of Directors, (2) Scientific &amp; Medical Advisory Board, and (3) Membership Advisory Board. Our leadership also includes international spokespeople who go above and beyond to garner support for GLOBAL&#8217;s work.\u200b We are extremely fortunate to have some of the brightest, most dedicated leaders [&hellip;]<\/p>\n","protected":false},"author":3,"featured_media":0,"parent":571,"menu_order":40,"comment_status":"open","ping_status":"closed","template":"template-our-leadership.php","meta":{"_acf_changed":false,"ngg_post_thumbnail":0,"footnotes":""},"class_list":["post-154497","page","type-page","status-publish","hentry"],"acf":[],"yoast_head":"<!-- This site is optimized with the Yoast SEO plugin v27.4 - https:\/\/yoast.com\/product\/yoast-seo-wordpress\/ -->\n<title>Global Down Syndrome Foundation Leadership | Global Down Syndrome Foundation<\/title>\n<meta name=\"robots\" content=\"index, follow, max-snippet:-1, max-image-preview:large, max-video-preview:-1\" \/>\n<link rel=\"canonical\" href=\"https:\/\/www.globaldownsyndrome.org\/it\/la-nostra-storia\/leadership\/fondazione-globale-per-la-sindrome-di-down\/\" \/>\n<meta property=\"og:locale\" content=\"it_IT\" \/>\n<meta property=\"og:type\" content=\"article\" \/>\n<meta property=\"og:title\" content=\"Global Down Syndrome Foundation Leadership | Global Down Syndrome Foundation\" \/>\n<meta property=\"og:description\" content=\"GLOBAL\u2019s leadership is made up of several boards including our: (1) Board of Directors, (2) Scientific &amp; Medical Advisory Board, and (3) Membership Advisory Board. Our leadership also includes international spokespeople who go above and beyond to garner support for GLOBAL&#8217;s work.\u200b We are extremely fortunate to have some of the brightest, most dedicated leaders [&hellip;]\" \/>\n<meta property=\"og:url\" content=\"https:\/\/www.globaldownsyndrome.org\/it\/la-nostra-storia\/leadership\/fondazione-globale-per-la-sindrome-di-down\/\" \/>\n<meta property=\"og:site_name\" content=\"Global Down Syndrome Foundation\" \/>\n<meta property=\"article:modified_time\" content=\"2026-04-24T17:02:16+00:00\" \/>\n<meta name=\"twitter:card\" content=\"summary_large_image\" \/>\n<meta name=\"twitter:label1\" content=\"Est. reading time\" \/>\n\t<meta name=\"twitter:data1\" content=\"1 minuto\" \/>\n<script type=\"application\/ld+json\" class=\"yoast-schema-graph\">{\"@context\":\"https:\\\/\\\/schema.org\",\"@graph\":[{\"@type\":\"WebPage\",\"@id\":\"https:\\\/\\\/www.globaldownsyndrome.org\\\/our-story\\\/leadership\\\/global-down-syndrome-foundation\\\/\",\"url\":\"https:\\\/\\\/www.globaldownsyndrome.org\\\/our-story\\\/leadership\\\/global-down-syndrome-foundation\\\/\",\"name\":\"Global Down Syndrome Foundation Leadership | Global Down Syndrome Foundation\",\"isPartOf\":{\"@id\":\"https:\\\/\\\/www.globaldownsyndrome.org\\\/#website\"},\"datePublished\":\"2024-01-18T14:47:19+00:00\",\"dateModified\":\"2026-04-24T17:02:16+00:00\",\"breadcrumb\":{\"@id\":\"https:\\\/\\\/www.globaldownsyndrome.org\\\/our-story\\\/leadership\\\/global-down-syndrome-foundation\\\/#breadcrumb\"},\"inLanguage\":\"it-IT\",\"potentialAction\":[{\"@type\":\"ReadAction\",\"target\":[\"https:\\\/\\\/www.globaldownsyndrome.org\\\/our-story\\\/leadership\\\/global-down-syndrome-foundation\\\/\"]}]},{\"@type\":\"BreadcrumbList\",\"@id\":\"https:\\\/\\\/www.globaldownsyndrome.org\\\/our-story\\\/leadership\\\/global-down-syndrome-foundation\\\/#breadcrumb\",\"itemListElement\":[{\"@type\":\"ListItem\",\"position\":1,\"name\":\"Home\",\"item\":\"https:\\\/\\\/www.globaldownsyndrome.org\\\/\"},{\"@type\":\"ListItem\",\"position\":2,\"name\":\"Our Story\",\"item\":\"https:\\\/\\\/www.globaldownsyndrome.org\\\/our-story\\\/\"},{\"@type\":\"ListItem\",\"position\":3,\"name\":\"Leadership\",\"item\":\"https:\\\/\\\/www.globaldownsyndrome.org\\\/our-story\\\/leadership\\\/\"},{\"@type\":\"ListItem\",\"position\":4,\"name\":\"Global Down Syndrome Foundation Leadership\"}]},{\"@type\":\"WebSite\",\"@id\":\"https:\\\/\\\/www.globaldownsyndrome.org\\\/#website\",\"url\":\"https:\\\/\\\/www.globaldownsyndrome.org\\\/\",\"name\":\"Global Down Syndrome Foundation\",\"description\":\"Dedicated to significantly improving the lives of people with Down Syndrome through RESEARCH, MEDICAL CARE, EDUCATION AND ADVOCACY\",\"publisher\":{\"@id\":\"https:\\\/\\\/www.globaldownsyndrome.org\\\/#organization\"},\"potentialAction\":[{\"@type\":\"SearchAction\",\"target\":{\"@type\":\"EntryPoint\",\"urlTemplate\":\"https:\\\/\\\/www.globaldownsyndrome.org\\\/?s={search_term_string}\"},\"query-input\":{\"@type\":\"PropertyValueSpecification\",\"valueRequired\":true,\"valueName\":\"search_term_string\"}}],\"inLanguage\":\"it-IT\"},{\"@type\":\"Organization\",\"@id\":\"https:\\\/\\\/www.globaldownsyndrome.org\\\/#organization\",\"name\":\"Global Down Syndrome Foundation\",\"url\":\"https:\\\/\\\/www.globaldownsyndrome.org\\\/\",\"logo\":{\"@type\":\"ImageObject\",\"inLanguage\":\"it-IT\",\"@id\":\"https:\\\/\\\/www.globaldownsyndrome.org\\\/#\\\/schema\\\/logo\\\/image\\\/\",\"url\":\"https:\\\/\\\/www.globaldownsyndrome.org\\\/wp-content\\\/uploads\\\/2022\\\/11\\\/logo.jpg\",\"contentUrl\":\"https:\\\/\\\/www.globaldownsyndrome.org\\\/wp-content\\\/uploads\\\/2022\\\/11\\\/logo.jpg\",\"width\":2351,\"height\":896,\"caption\":\"Global Down Syndrome Foundation\"},\"image\":{\"@id\":\"https:\\\/\\\/www.globaldownsyndrome.org\\\/#\\\/schema\\\/logo\\\/image\\\/\"}}]}<\/script>\n<!-- \/ Yoast SEO plugin. -->","yoast_head_json":{"title":"Leadership della Fondazione Globale per la Sindrome di Down | Fondazione Globale per la Sindrome di Down","robots":{"index":"index","follow":"follow","max-snippet":"max-snippet:-1","max-image-preview":"max-image-preview:large","max-video-preview":"max-video-preview:-1"},"canonical":"https:\/\/www.globaldownsyndrome.org\/it\/la-nostra-storia\/leadership\/fondazione-globale-per-la-sindrome-di-down\/","og_locale":"it_IT","og_type":"article","og_title":"Global Down Syndrome Foundation Leadership | Global Down Syndrome Foundation","og_description":"GLOBAL\u2019s leadership is made up of several boards including our: (1) Board of Directors, (2) Scientific &amp; Medical Advisory Board, and (3) Membership Advisory Board. Our leadership also includes international spokespeople who go above and beyond to garner support for GLOBAL&#8217;s work.\u200b We are extremely fortunate to have some of the brightest, most dedicated leaders [&hellip;]","og_url":"https:\/\/www.globaldownsyndrome.org\/it\/la-nostra-storia\/leadership\/fondazione-globale-per-la-sindrome-di-down\/","og_site_name":"Global Down Syndrome Foundation","article_modified_time":"2026-04-24T17:02:16+00:00","twitter_card":"summary_large_image","twitter_misc":{"Est. reading time":"1 minuto"},"schema":{"@context":"https:\/\/schema.org","@graph":[{"@type":"WebPage","@id":"https:\/\/www.globaldownsyndrome.org\/our-story\/leadership\/global-down-syndrome-foundation\/","url":"https:\/\/www.globaldownsyndrome.org\/our-story\/leadership\/global-down-syndrome-foundation\/","name":"Leadership della Fondazione Globale per la Sindrome di Down | Fondazione Globale per la Sindrome di Down","isPartOf":{"@id":"https:\/\/www.globaldownsyndrome.org\/#website"},"datePublished":"2024-01-18T14:47:19+00:00","dateModified":"2026-04-24T17:02:16+00:00","breadcrumb":{"@id":"https:\/\/www.globaldownsyndrome.org\/our-story\/leadership\/global-down-syndrome-foundation\/#breadcrumb"},"inLanguage":"it-IT","potentialAction":[{"@type":"ReadAction","target":["https:\/\/www.globaldownsyndrome.org\/our-story\/leadership\/global-down-syndrome-foundation\/"]}]},{"@type":"BreadcrumbList","@id":"https:\/\/www.globaldownsyndrome.org\/our-story\/leadership\/global-down-syndrome-foundation\/#breadcrumb","itemListElement":[{"@type":"ListItem","position":1,"name":"Home","item":"https:\/\/www.globaldownsyndrome.org\/"},{"@type":"ListItem","position":2,"name":"Our Story","item":"https:\/\/www.globaldownsyndrome.org\/our-story\/"},{"@type":"ListItem","position":3,"name":"Leadership","item":"https:\/\/www.globaldownsyndrome.org\/our-story\/leadership\/"},{"@type":"ListItem","position":4,"name":"Global Down Syndrome Foundation Leadership"}]},{"@type":"WebSite","@id":"https:\/\/www.globaldownsyndrome.org\/#website","url":"https:\/\/www.globaldownsyndrome.org\/","name":"Fondazione globale per la sindrome di Down","description":"Dedicata a migliorare in modo significativo la vita delle persone con sindrome di Down attraverso la ricerca, l'assistenza medica, l'educazione e l'advocacy.","publisher":{"@id":"https:\/\/www.globaldownsyndrome.org\/#organization"},"potentialAction":[{"@type":"SearchAction","target":{"@type":"EntryPoint","urlTemplate":"https:\/\/www.globaldownsyndrome.org\/?s={search_term_string}"},"query-input":{"@type":"PropertyValueSpecification","valueRequired":true,"valueName":"search_term_string"}}],"inLanguage":"it-IT"},{"@type":"Organization","@id":"https:\/\/www.globaldownsyndrome.org\/#organization","name":"Fondazione globale per la sindrome di Down","url":"https:\/\/www.globaldownsyndrome.org\/","logo":{"@type":"ImageObject","inLanguage":"it-IT","@id":"https:\/\/www.globaldownsyndrome.org\/#\/schema\/logo\/image\/","url":"https:\/\/www.globaldownsyndrome.org\/wp-content\/uploads\/2022\/11\/logo.jpg","contentUrl":"https:\/\/www.globaldownsyndrome.org\/wp-content\/uploads\/2022\/11\/logo.jpg","width":2351,"height":896,"caption":"Global Down Syndrome Foundation"},"image":{"@id":"https:\/\/www.globaldownsyndrome.org\/#\/schema\/logo\/image\/"}}]}},"jetpack_shortlink":"https:\/\/wp.me\/P70gmm-EbT","jetpack-related-posts":[{"id":150122,"url":"https:\/\/www.globaldownsyndrome.org\/it\/erin-suelmann\/","url_meta":{"origin":154497,"position":0},"title":"Erin Suelmann","author":"Global Down Syndrome Foundation","date":"Dicembre 12, 2022","format":false,"excerpt":"Executive Director, Down Syndrome Association of Greater St. Louis\u00a0 Erin Suelmann is the Executive Director of the Down Syndrome Association of Greater St. Louis (DSAGSL) which serves, supports, and celebrates the lives of nearly 2,000 individuals with Down syndrome and their families, through every stage of life. Erin received her\u2026","rel":"","context":"Similar post","block_context":{"text":"Similar post","link":""},"img":{"alt_text":"","src":"https:\/\/i0.wp.com\/www.globaldownsyndrome.org\/wp-content\/uploads\/2022\/12\/Erin-Suelmann-Head-shot-319x354.jpg?resize=350%2C200&ssl=1","width":350,"height":200},"classes":[]},{"id":157776,"url":"https:\/\/www.globaldownsyndrome.org\/it\/sarah-soell\/","url_meta":{"origin":154497,"position":1},"title":"Sarah Soell","author":"Kayla Albrechtson","date":"Ottobre 15, 2024","format":false,"excerpt":"Executive Director, Down Syndrome Association of Central Oklahoma Sarah Soell is the Executive Director for the Down Syndrome Association of Central Oklahoma. She has been a member of DSACO since 2006. As a parent of a child with Down syndrome, she has volunteered with the organization in numerous activities, having\u2026","rel":"","context":"Similar post","block_context":{"text":"Similar post","link":""},"img":{"alt_text":"Sarah Soell","src":"https:\/\/i0.wp.com\/www.globaldownsyndrome.org\/wp-content\/uploads\/2024\/10\/Untitled-design-4.jpg?resize=350%2C200&ssl=1","width":350,"height":200},"classes":[]},{"id":155432,"url":"https:\/\/www.globaldownsyndrome.org\/it\/heidi-haines\/","url_meta":{"origin":154497,"position":2},"title":"Heidi Haines","author":"Wes Butler","date":"Marzo 21, 2024","format":false,"excerpt":"Executive Director, Rocky Mountain Down Syndrome Association Heidi Haines is dedicated to making a positive impact on the world, a commitment evident in her role as the Executive Director of the Rocky Mountain Down Syndrome Association since 2023. With twelve years of experience in nonprofit advocacy, policy development, partnership building,\u2026","rel":"","context":"Similar post","block_context":{"text":"Similar post","link":""},"img":{"alt_text":"Heidi Haines bio photo","src":"https:\/\/i0.wp.com\/www.globaldownsyndrome.org\/wp-content\/uploads\/2024\/03\/heidi-haines200x250.jpg?resize=350%2C200&ssl=1","width":350,"height":200},"classes":[]},{"id":157780,"url":"https:\/\/www.globaldownsyndrome.org\/it\/toni-mullee\/","url_meta":{"origin":154497,"position":3},"title":"Toni Mullee","author":"Kayla Albrechtson","date":"Ottobre 15, 2024","format":false,"excerpt":"Executive Director, Down Syndrome Association of Northeast Ohio Toni Mullee is the Executive Director of the Down Syndrome Association of Northeast Ohio (DSANEO), an organization that serves 1,100 individuals with Down syndrome and their families in the Cleveland area. \u00a0She has served in this role since 2013. Toni is a\u2026","rel":"","context":"Similar post","block_context":{"text":"Similar post","link":""},"img":{"alt_text":"","src":"https:\/\/i0.wp.com\/www.globaldownsyndrome.org\/wp-content\/uploads\/2025\/02\/mab-large-1.jpg?resize=350%2C200&ssl=1","width":350,"height":200},"classes":[]},{"id":150595,"url":"https:\/\/www.globaldownsyndrome.org\/it\/global-webinar-series-january-2023\/","url_meta":{"origin":154497,"position":4},"title":"GLOBAL Webinar Series January 2023","author":"Global Down Syndrome Foundation","date":"Febbraio 10, 2023","format":false,"excerpt":"Dental Care Across the Lifespan of Patients with Down Syndrome Overview In this insightful GLOBAL webinar, Drs. Perlman and Ackerman discussed: why dentistry is the most difficult health care need to get access to and receive care for; the barriers to dental care for people with a disability; the co-morbidities\u2026","rel":"","context":"Similar post","block_context":{"text":"Similar post","link":""},"img":{"alt_text":"","src":"https:\/\/i0.wp.com\/www.globaldownsyndrome.org\/wp-content\/uploads\/2023\/05\/Drs-Steven-Perlman-Marc-Ackerman-300-219x219.jpg?resize=350%2C200&ssl=1","width":350,"height":200},"classes":[]},{"id":151153,"url":"https:\/\/www.globaldownsyndrome.org\/it\/employment-awards-recipients\/","url_meta":{"origin":154497,"position":5},"title":"Global Down Syndrome Foundation Provides $16,000 in Employment Awards to Down Syndrome Organizations Across the United States","author":"Global Down Syndrome Foundation","date":"Aprile 20, 2023","format":false,"excerpt":"\u00a0 In April, the Global Down Syndrome Foundation (GLOBAL) awarded $16,000 in Employment Awards to Down syndrome organizations across the United States. The GLOBAL Employment Awards are a distinguished benefit for GLOBAL organization members. The awards create collaboration with local organizations and fund programs that have a direct and positive\u2026","rel":"","context":"Similar post","block_context":{"text":"Similar post","link":""},"img":{"alt_text":"","src":"https:\/\/i0.wp.com\/www.globaldownsyndrome.org\/wp-content\/uploads\/2023\/04\/300x300.jpg?resize=350%2C200&ssl=1","width":350,"height":200},"classes":[]}],"jetpack_sharing_enabled":true,"_links":{"self":[{"href":"https:\/\/www.globaldownsyndrome.org\/it\/wp-json\/wp\/v2\/pages\/154497","targetHints":{"allow":["GET"]}}],"collection":[{"href":"https:\/\/www.globaldownsyndrome.org\/it\/wp-json\/wp\/v2\/pages"}],"about":[{"href":"https:\/\/www.globaldownsyndrome.org\/it\/wp-json\/wp\/v2\/types\/page"}],"author":[{"embeddable":true,"href":"https:\/\/www.globaldownsyndrome.org\/it\/wp-json\/wp\/v2\/users\/3"}],"replies":[{"embeddable":true,"href":"https:\/\/www.globaldownsyndrome.org\/it\/wp-json\/wp\/v2\/comments?post=154497"}],"version-history":[{"count":0,"href":"https:\/\/www.globaldownsyndrome.org\/it\/wp-json\/wp\/v2\/pages\/154497\/revisions"}],"up":[{"embeddable":true,"href":"https:\/\/www.globaldownsyndrome.org\/it\/wp-json\/wp\/v2\/pages\/571"}],"wp:attachment":[{"href":"https:\/\/www.globaldownsyndrome.org\/it\/wp-json\/wp\/v2\/media?parent=154497"}],"curies":[{"name":"wp","href":"https:\/\/api.w.org\/{rel}","templated":true}]}}